{"id":2311,"date":"2023-02-01T16:42:44","date_gmt":"2023-02-01T15:42:44","guid":{"rendered":"https:\/\/www.sprunginsleben.de\/?page_id=2311"},"modified":"2023-02-01T17:05:29","modified_gmt":"2023-02-01T16:05:29","slug":"ein-verein-fur-korperlich-beeintrachtigte-kinder-in-ecuador","status":"publish","type":"page","link":"https:\/\/www.sprunginsleben.de\/?page_id=2311&lang=es","title":{"rendered":"Una asociaci\u00f3n para ni\u00f1os con discapacidad f\u00edsica en Ecuador"},"content":{"rendered":"\n<h3><strong>Qu\u00e9 hacemos<\/strong><\/h3>\n\n\n\n<p>Sprung ins Leben &#8211; Salto hacia la vida e.V. cuenta ahora con m\u00e1s de 100 miembros en toda Alemania y Suiza. A trav\u00e9s de campa\u00f1as de recaudaci\u00f3n de fondos, apadrinamientos y donaciones individuales, Sprung ins Leben &#8211; Salto hacia la vida e.V. financia pr\u00f3tesis, \u00f3rtesis, medidas de rehabilitaci\u00f3n y cirug\u00edas para ni\u00f1os en Ecuador.<\/p>\n\n\n\n<p>Actualmente contamos con m\u00e1s de 70 beneficiarios que han perdido brazos o piernas en accidentes o que han necesitado ayuda desde su nacimiento. Dado que la atenci\u00f3n prot\u00e9sica y ort\u00e9sica es muy costosa en Ecuador y que el seguro m\u00e9dico estatal s\u00f3lo cubre la atenci\u00f3n b\u00e1sica, Sprung ins Leben &#8211; Salto hacia la vida e.V. asume la mayor parte de la financiaci\u00f3n. En funci\u00f3n de sus medios econ\u00f3micos, las familias contribuyen con una parte a los costos iniciales y con los ajustes de las pr\u00f3tesis y \u00f3rtesis.<\/p>\n\n\n\n<p>Junto con la pr\u00f3tesis, financiamos diez sesiones de rehabilitaci\u00f3n y diez sesiones de asesoramiento psicol\u00f3gico para cada uno de nuestros beneficiarios. Este programa de apoyo garantiza que los ni\u00f1os puedan utilizar la pr\u00f3tesis correctamente. Al mismo tiempo, los ni\u00f1os procesan la experiencia traum\u00e1tica de perder un brazo o una pierna con el fin de poder enfrentar el futuro con m\u00e1s confianza en s\u00ed mismos. Hemos creado un fondo especial para cubrir estos gastos.Este <a href=\"https:\/\/www.youtube.com\/watch?v=P5qehleqIcQ\">cortometraje<\/a> (en alem\u00e1n) da una idea del trabajo de nuestra asociaci\u00f3n y de tres de nuestros beneficiarios. Aqu\u00ed, entre otros contenidos, tambi\u00e9n podr\u00e1 conocer a nuestro primer beneficiario, Steven Carrasco. Gracias a su pr\u00f3tesis de brazo y pierna, hoy Steven participa activamente en la vida.<\/p>\n\n\n\n<h3>Nuestro colaborador en Ecuador: la Fundaci\u00f3n Hermano Miguel.<\/h3>\n\n\n\n<figure class=\"wp-block-image\"><img decoding=\"async\" loading=\"lazy\" width=\"300\" height=\"78\" src=\"https:\/\/www.sprunginsleben.de\/wp-content\/uploads\/2022\/03\/Stiftung-Hermano-Miguel-e1646647873717-300x78.png\" alt=\"\" class=\"wp-image-2249\" srcset=\"https:\/\/www.sprunginsleben.de\/wp-content\/uploads\/2022\/03\/Stiftung-Hermano-Miguel-e1646647873717-300x78.png 300w, https:\/\/www.sprunginsleben.de\/wp-content\/uploads\/2022\/03\/Stiftung-Hermano-Miguel-e1646647873717.png 600w\" sizes=\"(max-width: 300px) 100vw, 300px\" \/><\/figure>\n\n\n\n<p><br>Para garantizar la atenci\u00f3n y el apoyo local, Sprung ins Leben &#8211; Salto hacia la vida e.V. colabora estrechamente con la Fundaci\u00f3n Hermano Miguel en la capital de Ecuador, Quito.<\/p>\n\n\n\n<p>La Fundaci\u00f3n Hermano Miguel se dedica a la rehabilitaci\u00f3n y mantiene, entre otros departamentos, uno de los dos laboratorios prot\u00e9sicos especializados del Ecuador.&nbsp;Desde 1984, la fundaci\u00f3n se dedica a proporcionar pr\u00f3tesis y \u00f3rtesis a los pacientes. Dispone de un taller con t\u00e9cnicos ortop\u00e9dicos formados e instalaciones bien equipadas para la rehabilitaci\u00f3n. Adem\u00e1s de la fabricaci\u00f3n y colocaci\u00f3n de pr\u00f3tesis, la Fundaci\u00f3n Hermano Miguel ofrece apoyo adicional a los pacientes mediante psic\u00f3logos y fisioterapeutas especializados. La fundaci\u00f3n goza de muy buen prestigio y fue <a href=\"https:\/\/www.sprunginsleben.de\/wp-content\/uploads\/2012\/08\/images_downloads_certificate_hm.pdf\">premiada<\/a> en una evaluaci\u00f3n comparativa de organizaciones no gubernamentales.<\/p>\n\n\n\n<div class=\"wp-block-image wp-image-2265 size-medium\"><figure class=\"alignleft\"><img decoding=\"async\" loading=\"lazy\" width=\"230\" height=\"300\" src=\"https:\/\/www.sprunginsleben.de\/wp-content\/uploads\/2022\/04\/US_20180316_034-e1649605225573-230x300.jpg\" alt=\"\" class=\"wp-image-2265\" srcset=\"https:\/\/www.sprunginsleben.de\/wp-content\/uploads\/2022\/04\/US_20180316_034-e1649605225573-230x300.jpg 230w, https:\/\/www.sprunginsleben.de\/wp-content\/uploads\/2022\/04\/US_20180316_034-e1649605225573.jpg 427w\" sizes=\"(max-width: 230px) 100vw, 230px\" \/><figcaption>Mar\u00eda Eugenia Su\u00e1rez @Ulrike Schacht<\/figcaption><\/figure><\/div>\n\n\n\n<p>Mar\u00eda Eugenia Su\u00e1rez, directora de la Fundaci\u00f3n: &#8220;Deseo que las futuras generaciones contin\u00faen este programa para alcanzar el m\u00e1s alto nivel de solidaridad humana. Hemos demostrado al mundo que la solidaridad no conoce fronteras nacionales&#8221;<\/p>\n","protected":false},"excerpt":{"rendered":"<p>Qu\u00e9 hacemos Sprung ins Leben &#8211; Salto hacia la vida e.V. cuenta ahora con m\u00e1s de 100 miembros en toda Alemania y Suiza. A trav\u00e9s de campa\u00f1as de recaudaci\u00f3n de fondos, apadrinamientos y donaciones individuales, Sprung ins Leben &#8211; Salto hacia la vida e.V. financia pr\u00f3tesis, \u00f3rtesis, medidas de rehabilitaci\u00f3n y cirug\u00edas para ni\u00f1os en [&hellip;]<\/p>\n","protected":false},"author":6,"featured_media":1551,"parent":0,"menu_order":8,"comment_status":"closed","ping_status":"closed","template":"","meta":{"_uag_custom_page_level_css":""},"uagb_featured_image_src":{"full":["https:\/\/www.sprunginsleben.de\/wp-content\/uploads\/2018\/04\/US_20180319_255-1-e1617477640779.jpg",1024,400,false],"thumbnail":["https:\/\/www.sprunginsleben.de\/wp-content\/uploads\/2018\/04\/US_20180319_255-1-e1617477624863-150x150.jpg",150,150,true],"medium":["https:\/\/www.sprunginsleben.de\/wp-content\/uploads\/2018\/04\/US_20180319_255-1-e1617477624863-300x117.jpg",300,117,true],"medium_large":["https:\/\/www.sprunginsleben.de\/wp-content\/uploads\/2018\/04\/US_20180319_255-1-e1617477640779.jpg",1024,400,false],"large":["https:\/\/www.sprunginsleben.de\/wp-content\/uploads\/2018\/04\/US_20180319_255-1-e1617477624863-1024x400.jpg",640,250,true],"1536x1536":["https:\/\/www.sprunginsleben.de\/wp-content\/uploads\/2018\/04\/US_20180319_255-1-e1617477624863-1536x600.jpg",1536,600,true],"2048x2048":["https:\/\/www.sprunginsleben.de\/wp-content\/uploads\/2018\/04\/US_20180319_255-1-e1617477624863-2048x800.jpg",2048,800,true],"charity-fundraiser-homepage-thumb":["https:\/\/www.sprunginsleben.de\/wp-content\/uploads\/2018\/04\/US_20180319_255-1-e1617477624863-240x145.jpg",240,145,true]},"uagb_author_info":{"display_name":"Angus","author_link":"https:\/\/www.sprunginsleben.de\/?author=6"},"uagb_comment_info":0,"uagb_excerpt":"Qu\u00e9 hacemos Sprung ins Leben &#8211; Salto hacia la vida e.V. cuenta ahora con m\u00e1s de 100 miembros en toda Alemania y Suiza. A trav\u00e9s de campa\u00f1as de recaudaci\u00f3n de fondos, apadrinamientos y donaciones individuales, Sprung ins Leben &#8211; Salto hacia la vida e.V. financia pr\u00f3tesis, \u00f3rtesis, medidas de rehabilitaci\u00f3n y cirug\u00edas para ni\u00f1os en&hellip;","_links":{"self":[{"href":"https:\/\/www.sprunginsleben.de\/index.php?rest_route=\/wp\/v2\/pages\/2311"}],"collection":[{"href":"https:\/\/www.sprunginsleben.de\/index.php?rest_route=\/wp\/v2\/pages"}],"about":[{"href":"https:\/\/www.sprunginsleben.de\/index.php?rest_route=\/wp\/v2\/types\/page"}],"author":[{"embeddable":true,"href":"https:\/\/www.sprunginsleben.de\/index.php?rest_route=\/wp\/v2\/users\/6"}],"replies":[{"embeddable":true,"href":"https:\/\/www.sprunginsleben.de\/index.php?rest_route=%2Fwp%2Fv2%2Fcomments&post=2311"}],"version-history":[{"count":0,"href":"https:\/\/www.sprunginsleben.de\/index.php?rest_route=\/wp\/v2\/pages\/2311\/revisions"}],"wp:featuredmedia":[{"embeddable":true,"href":"https:\/\/www.sprunginsleben.de\/index.php?rest_route=\/wp\/v2\/media\/1551"}],"wp:attachment":[{"href":"https:\/\/www.sprunginsleben.de\/index.php?rest_route=%2Fwp%2Fv2%2Fmedia&parent=2311"}],"curies":[{"name":"wp","href":"https:\/\/api.w.org\/{rel}","templated":true}]}}