{"id":2332,"date":"2023-02-02T18:21:46","date_gmt":"2023-02-02T17:21:46","guid":{"rendered":"https:\/\/www.sprunginsleben.de\/?page_id=2332"},"modified":"2023-02-05T15:06:31","modified_gmt":"2023-02-05T14:06:31","slug":"sobre-nosotros-2","status":"publish","type":"page","link":"https:\/\/www.sprunginsleben.de\/?page_id=2332&lang=es","title":{"rendered":"Sobre nosotros"},"content":{"rendered":"\n<p>Todos los responsables y colaboradores trabajan de forma voluntaria. Nos complace presentarles a las personas que est\u00e1n detr\u00e1s de Sprung ins Leben &#8211; Salto hacia la vida e.V. y los antecedentes de nuestra asociaci\u00f3n.&nbsp;<\/p>\n\n\n\n<h3>Consejo de Administraci\u00f3n y personas responsables<\/h3>\n\n\n\n<p>Philippa Mund, fundadora de la asociaci\u00f3n y presidenta (<a href=\"https:\/\/www.sprunginsleben.de\/?page_id=1933&amp;lang=de\">M\u00e1s <\/a><a href=\"https:\/\/www.sprunginsleben.de\/?page_id=2344&amp;lang=es\">informaci\u00f3n<\/a>&#8230;)<\/p>\n\n\n\n<p>Contacto: <a href=\"mailto:Philippa.Mund@sprunginsleben.de\">Philippa.Mund@sprunginsleben.de<\/a><\/p>\n\n\n\n<p>Isabel Kleitsch, Vicepresidenta (<a href=\"https:\/\/www.sprunginsleben.de\/?page_id=1934&amp;lang=de\">M\u00e1s <\/a><a href=\"https:\/\/www.sprunginsleben.de\/?page_id=2348&amp;lang=es\">informaci\u00f3n<\/a>&#8230;)<\/p>\n\n\n\n<p>Contacto: <a href=\"mailto:Isabel.Kleitsch@sprunginsleben.de\">Isabel.Kleitsch@sprunginsleben.de<\/a><\/p>\n\n\n\n<p>Patricia Pe\u00f1aherrera, coordinadora de SiL sobre el terreno en Ecuador (<a href=\"https:\/\/www.sprunginsleben.de\/?page_id=2350&amp;lang=es\">M\u00e1s informaci\u00f3n<\/a>&#8230;)<\/p>\n\n\n\n<p>Markku Mund, Tesorero (<a href=\"https:\/\/www.sprunginsleben.de\/?page_id=2351&amp;lang=es\" data-type=\"URL\" data-id=\"https:\/\/www.sprunginsleben.de\/?page_id=2351&amp;lang=es\">M\u00e1s informaci\u00f3n<\/a>&#8230;)<\/p>\n\n\n\n<p>Sophia Fisher, Secretaria (<a href=\"https:\/\/www.sprunginsleben.de\/?page_id=2352&amp;lang=es\">M\u00e1s informaci\u00f3n<\/a>&#8230;)<\/p>\n\n\n\n<p>Dr. Axel Bayer y Marc Danneberg, Sitio web (<a href=\"https:\/\/www.sprunginsleben.de\/?page_id=2354&amp;lang=es\">M\u00e1s informaci\u00f3n<\/a>&#8230;)<\/p>\n\n\n\n<p>Kolja Mund, medios de comunicaci\u00f3n social (<a href=\"https:\/\/www.sprunginsleben.de\/?page_id=2355&amp;lang=es\">M\u00e1s informaci\u00f3n<\/a>&#8230;)<\/p>\n\n\n\n<p>Jakob Haerle, Bolet\u00edn Oficial (<a href=\"https:\/\/www.sprunginsleben.de\/?page_id=2356&amp;lang=es\">M\u00e1s informaci\u00f3n<\/a>&#8230;)<\/p>\n\n\n\n<h3>Transparencia y finanzas<\/h3>\n\n\n\n<div class=\"wp-block-image\"><figure class=\"alignleft\"><img decoding=\"async\" loading=\"lazy\" width=\"250\" height=\"100\" src=\"https:\/\/www.sprunginsleben.de\/wp-content\/uploads\/2012\/08\/images_Transparente_Zivilgesellschaft.jpg\" alt=\"Transparente Zivilgesellschaft\" class=\"wp-image-260\"\/><\/figure><\/div>\n\n\n\n<p>La transparencia, la credibilidad y la fiabilidad son muy importantes para nosotros. Por lo tanto, nos adherimos a las recomendaciones de la \u201cIniciativa para una Sociedad Civil Transparente\u201d, lanzada por \u201cTransparency International Deutschland e.V.\u201d La iniciativa define diez puntos b\u00e1sicos que toda organizaci\u00f3n de la sociedad civil debe poner a disposici\u00f3n del p\u00fablico.<\/p>\n\n\n\n<p>Cada euro cuenta y va directamente a los ni\u00f1os: en 2021, el 97,5% de nuestro presupuesto se destin\u00f3 a nuestros beneficiarios. Nuestros costos administrativos est\u00e1n siempre por debajo del 2%. Puede encontrar una lista detallada de nuestros ingresos y gastos en nuestros informes anuales en el <a href=\"https:\/\/www.sprunginsleben.de\/?page_id=183&amp;lang=de\">\u00e1rea de descargas<\/a> (en alem\u00e1n). Si tiene alguna pregunta, no dude en ponerse en contacto con nosotros en cualquier momento.<\/p>\n\n\n\n<h3>Nuestros patrocinadores<\/h3>\n\n\n\n<p>Apreciamos cualquier tipo de apoyo y nos gustar\u00eda dar las gracias a nuestros socios.<\/p>\n\n\n\n<p>El <a href=\"http:\/\/www.karlsbad.de\/\">Ayuntamiento de Karlsbad<\/a> nos exime del pago de la tasa por nuestro puesto anual en el mercado navide\u00f1o.<\/p>\n\n\n\n<p>El grupo de teatro \u201edie <a href=\"http:\/\/www.scheinwerfer86.de\/\">Scheinwerfer<\/a>\u201c hace siempre teatro ben\u00e9fico para nuestros beneficiarios en el <a href=\"http:\/\/traube-spielberg.de\/\">lugar de encuentro de familia y ciudadanos \u201eTraube<\/a>\u201c en Spielberg. Las obras inspiran a j\u00f3venes y mayores.El colegio <a href=\"http:\/\/gymnasium-karlsbad.de\/index.php\">\u201dGymnasium Karlsbad<\/a>\u201d nos cede un puesto en los conciertos escolares bianuales y en el festival escolar.<\/p>\n\n\n\n<h3>C\u00f3mo empez\u00f3 todo<\/h3>\n\n\n\n<p>Nuestra presidenta de la asociaci\u00f3n, Philippa Mund, trabaj\u00f3 en la &#8220;Fundaci\u00f3n de las Damas Voluntarias&#8221; en Ecuador como parte de un servicio voluntario despu\u00e9s de su bachillerato. Mientras trabajaba en el hospital Baca Ortiz de Quito, conoci\u00f3 a Steven, que hab\u00eda perdido el brazo y la pierna izquierdos a causa de un accidente. Philippa le prometi\u00f3 ayuda para financiar sus pr\u00f3tesis. De vuelta a Alemania, recaud\u00f3 m\u00e1s de 6.500 euros en su ciudad natal, Spielberg, y sus alrededores, y los utiliz\u00f3 para financiar la primera pr\u00f3tesis de brazo y pierna de Steven.<\/p>\n\n\n\n<div class=\"wp-block-image wp-image-1548 size-large\"><figure class=\"aligncenter\"><img decoding=\"async\" loading=\"lazy\" width=\"1024\" height=\"683\" src=\"https:\/\/www.sprunginsleben.de\/wp-content\/uploads\/2018\/04\/US_20180319_242-1024x683.jpg\" alt=\"\" class=\"wp-image-1548\" srcset=\"https:\/\/www.sprunginsleben.de\/wp-content\/uploads\/2018\/04\/US_20180319_242-1024x683.jpg 1024w, https:\/\/www.sprunginsleben.de\/wp-content\/uploads\/2018\/04\/US_20180319_242-300x200.jpg 300w\" sizes=\"(max-width: 1024px) 100vw, 1024px\" \/><figcaption>Philippa y Steven: 10 Jahre sp\u00e4ter immer noch gemeinsam in Aktion<br>\u00a9Ulrike Schacht<\/figcaption><\/figure><\/div>\n\n\n\n<p>Tras el \u00e9xito de la campa\u00f1a de recaudaci\u00f3n de fondos, llegaron m\u00e1s solicitudes desde Ecuador, porque Steven no es, por supuesto, un caso aislado. Con el fin de proporcionar una base s\u00f3lida a las futuras actividades de recaudaci\u00f3n de fondos, se reunieron siete miembros fundadores. Sprung ins Leben &#8211; Salto hacia la vida e.V. est\u00e1 registrada como asociaci\u00f3n sin \u00e1nimo de lucro desde septiembre de 2009.<\/p>\n\n\n\n<h2>Escuche y eche un vistazo<\/h2>\n\n\n\n<p>Vis\u00edtenos en nuestro <a href=\"https:\/\/www.youtube.com\/channel\/UCPhkrOpG-JgIxpBtcw3ifMQ\/featured\">canal de Youtube<\/a> o en <a href=\"https:\/\/www.facebook.com\/SprunginsLeben\/\">Facebook<\/a>, donde informamos regularmente sobre nuevos beneficiarios y acciones de la asociaci\u00f3n. Tambi\u00e9n nos gustar\u00eda que se suscribiera a nuestro bolet\u00edn de Salto hacia la vida. S\u00f3lo tienes que enviarnos un correo electr\u00f3nico a info@sprunginsleben.de y estaremos encantados de incluirle en nuestra lista de correo y mantenerle al d\u00eda de todas las novedades de la asociaci\u00f3n.<\/p>\n","protected":false},"excerpt":{"rendered":"<p>Todos los responsables y colaboradores trabajan de forma voluntaria. Nos complace presentarles a las personas que est\u00e1n detr\u00e1s de Sprung ins Leben &#8211; Salto hacia la vida e.V. y los antecedentes de nuestra asociaci\u00f3n.&nbsp; Consejo de Administraci\u00f3n y personas responsables Philippa Mund, fundadora de la asociaci\u00f3n y presidenta (M\u00e1s informaci\u00f3n&#8230;) Contacto: Philippa.Mund@sprunginsleben.de Isabel Kleitsch, Vicepresidenta [&hellip;]<\/p>\n","protected":false},"author":6,"featured_media":2044,"parent":0,"menu_order":0,"comment_status":"closed","ping_status":"closed","template":"","meta":{"_uag_custom_page_level_css":""},"uagb_featured_image_src":{"full":["https:\/\/www.sprunginsleben.de\/wp-content\/uploads\/2021\/04\/US_20180319_271-copy-scaled-e1646647487205.jpg",1625,381,false],"thumbnail":["https:\/\/www.sprunginsleben.de\/wp-content\/uploads\/2021\/04\/US_20180319_271-copy-scaled-e1646647487205-150x150.jpg",150,150,true],"medium":["https:\/\/www.sprunginsleben.de\/wp-content\/uploads\/2021\/04\/US_20180319_271-copy-scaled-e1646647487205-300x70.jpg",300,70,true],"medium_large":["https:\/\/www.sprunginsleben.de\/wp-content\/uploads\/2021\/04\/US_20180319_271-copy-scaled-e1646647487205.jpg",1625,381,false],"large":["https:\/\/www.sprunginsleben.de\/wp-content\/uploads\/2021\/04\/US_20180319_271-copy-scaled-e1646647487205-1024x240.jpg",640,150,true],"1536x1536":["https:\/\/www.sprunginsleben.de\/wp-content\/uploads\/2021\/04\/US_20180319_271-copy-scaled-e1646647487205-1536x360.jpg",1536,360,true],"2048x2048":["https:\/\/www.sprunginsleben.de\/wp-content\/uploads\/2021\/04\/US_20180319_271-copy-scaled-e1617540141156-2048x1366.jpg",2048,1366,true],"charity-fundraiser-homepage-thumb":["https:\/\/www.sprunginsleben.de\/wp-content\/uploads\/2021\/04\/US_20180319_271-copy-scaled-e1646647487205-240x145.jpg",240,145,true]},"uagb_author_info":{"display_name":"Angus","author_link":"https:\/\/www.sprunginsleben.de\/?author=6"},"uagb_comment_info":0,"uagb_excerpt":"Todos los responsables y colaboradores trabajan de forma voluntaria. Nos complace presentarles a las personas que est\u00e1n detr\u00e1s de Sprung ins Leben &#8211; Salto hacia la vida e.V. y los antecedentes de nuestra asociaci\u00f3n.&nbsp; Consejo de Administraci\u00f3n y personas responsables Philippa Mund, fundadora de la asociaci\u00f3n y presidenta (M\u00e1s informaci\u00f3n&#8230;) Contacto: Philippa.Mund@sprunginsleben.de Isabel Kleitsch, Vicepresidenta&hellip;","_links":{"self":[{"href":"https:\/\/www.sprunginsleben.de\/index.php?rest_route=\/wp\/v2\/pages\/2332"}],"collection":[{"href":"https:\/\/www.sprunginsleben.de\/index.php?rest_route=\/wp\/v2\/pages"}],"about":[{"href":"https:\/\/www.sprunginsleben.de\/index.php?rest_route=\/wp\/v2\/types\/page"}],"author":[{"embeddable":true,"href":"https:\/\/www.sprunginsleben.de\/index.php?rest_route=\/wp\/v2\/users\/6"}],"replies":[{"embeddable":true,"href":"https:\/\/www.sprunginsleben.de\/index.php?rest_route=%2Fwp%2Fv2%2Fcomments&post=2332"}],"version-history":[{"count":0,"href":"https:\/\/www.sprunginsleben.de\/index.php?rest_route=\/wp\/v2\/pages\/2332\/revisions"}],"wp:featuredmedia":[{"embeddable":true,"href":"https:\/\/www.sprunginsleben.de\/index.php?rest_route=\/wp\/v2\/media\/2044"}],"wp:attachment":[{"href":"https:\/\/www.sprunginsleben.de\/index.php?rest_route=%2Fwp%2Fv2%2Fmedia&parent=2332"}],"curies":[{"name":"wp","href":"https:\/\/api.w.org\/{rel}","templated":true}]}}