{"id":2344,"date":"2023-02-05T14:53:45","date_gmt":"2023-02-05T13:53:45","guid":{"rendered":"https:\/\/www.sprunginsleben.de\/?page_id=2344"},"modified":"2023-02-05T14:53:46","modified_gmt":"2023-02-05T13:53:46","slug":"philippa-mund-fundadora-de-la-asociacion-y-presidenta","status":"publish","type":"page","link":"https:\/\/www.sprunginsleben.de\/?page_id=2344&lang=es","title":{"rendered":"Philippa Mund, fundadora de la asociaci\u00f3n y presidenta"},"content":{"rendered":"\n<p><strong>Nuestro primer beneficiario, Steven, se deshace en elogios hacia la fundadora y presidenta de la asociaci\u00f3n, Philippa: &#8220;Recuerdo muy bien el d\u00eda en que recib\u00ed mis primeras pr\u00f3tesis: Fue el d\u00eda m\u00e1s feliz de mi vida. Sin Philippa, nada de esto habr\u00eda sido posible y mi vida habr\u00eda tomado un rumbo muy diferente&#8221;.&nbsp;<\/strong><\/p>\n\n\n\n<p>Despu\u00e9s de terminar el bachillerato, Philippa parti\u00f3 en 2008 para realizar un voluntariado en el hospital infantil Baca Ortiz de Quito, la capital de Ecuador. All\u00ed conoci\u00f3 a Steven, que hab\u00eda perdido el brazo y la pierna tras un accidente. Con las primeras pr\u00f3tesis de Steven, naci\u00f3 la asociaci\u00f3n. Incluso hoy, ser\u00eda imposible pensar en la asociaci\u00f3n sin Philippa, que vive en Basilea con su marido Markku y sus hijas. Sus contactos personales en Quito, as\u00ed como en su pueblo natal, Spielberg, de donde proceden la mayor\u00eda de nuestros donantes y miembros, garantizan el \u00e9xito sostenible del suministro de pr\u00f3tesis para ni\u00f1os en Ecuador. Philippa tambi\u00e9n trabaja activamente en la cooperaci\u00f3n para el desarrollo y acompa\u00f1a los programas en Guatemala, as\u00ed como el tema de g\u00e9nero en los programas del \u201cFastenopfer\u201d, una organizaci\u00f3n no gubernamental suiza.<\/p>\n","protected":false},"excerpt":{"rendered":"<p>Nuestro primer beneficiario, Steven, se deshace en elogios hacia la fundadora y presidenta de la asociaci\u00f3n, Philippa: &#8220;Recuerdo muy bien el d\u00eda en que recib\u00ed mis primeras pr\u00f3tesis: Fue el d\u00eda m\u00e1s feliz de mi vida. Sin Philippa, nada de esto habr\u00eda sido posible y mi vida habr\u00eda tomado un rumbo muy diferente&#8221;.&nbsp; Despu\u00e9s de [&hellip;]<\/p>\n","protected":false},"author":6,"featured_media":2041,"parent":0,"menu_order":0,"comment_status":"closed","ping_status":"closed","template":"","meta":{"_uag_custom_page_level_css":""},"uagb_featured_image_src":{"full":["https:\/\/www.sprunginsleben.de\/wp-content\/uploads\/2021\/04\/US_20180319_242-copy-scaled-e1617568168511.jpg",2431,461,false],"thumbnail":["https:\/\/www.sprunginsleben.de\/wp-content\/uploads\/2021\/04\/US_20180319_242-copy-scaled-e1617568168511-150x150.jpg",150,150,true],"medium":["https:\/\/www.sprunginsleben.de\/wp-content\/uploads\/2021\/04\/US_20180319_242-copy-scaled-e1617568168511-300x57.jpg",300,57,true],"medium_large":["https:\/\/www.sprunginsleben.de\/wp-content\/uploads\/2021\/04\/US_20180319_242-copy-scaled-e1617568168511.jpg",2431,461,false],"large":["https:\/\/www.sprunginsleben.de\/wp-content\/uploads\/2021\/04\/US_20180319_242-copy-scaled-e1617568168511-1024x194.jpg",640,121,true],"1536x1536":["https:\/\/www.sprunginsleben.de\/wp-content\/uploads\/2021\/04\/US_20180319_242-copy-scaled-e1617568168511-1536x291.jpg",1536,291,true],"2048x2048":["https:\/\/www.sprunginsleben.de\/wp-content\/uploads\/2021\/04\/US_20180319_242-copy-scaled-e1617568168511-2048x388.jpg",2048,388,true],"charity-fundraiser-homepage-thumb":["https:\/\/www.sprunginsleben.de\/wp-content\/uploads\/2021\/04\/US_20180319_242-copy-scaled-e1617568168511-240x145.jpg",240,145,true]},"uagb_author_info":{"display_name":"Angus","author_link":"https:\/\/www.sprunginsleben.de\/?author=6"},"uagb_comment_info":0,"uagb_excerpt":"Nuestro primer beneficiario, Steven, se deshace en elogios hacia la fundadora y presidenta de la asociaci\u00f3n, Philippa: &#8220;Recuerdo muy bien el d\u00eda en que recib\u00ed mis primeras pr\u00f3tesis: Fue el d\u00eda m\u00e1s feliz de mi vida. Sin Philippa, nada de esto habr\u00eda sido posible y mi vida habr\u00eda tomado un rumbo muy diferente&#8221;.&nbsp; Despu\u00e9s de&hellip;","_links":{"self":[{"href":"https:\/\/www.sprunginsleben.de\/index.php?rest_route=\/wp\/v2\/pages\/2344"}],"collection":[{"href":"https:\/\/www.sprunginsleben.de\/index.php?rest_route=\/wp\/v2\/pages"}],"about":[{"href":"https:\/\/www.sprunginsleben.de\/index.php?rest_route=\/wp\/v2\/types\/page"}],"author":[{"embeddable":true,"href":"https:\/\/www.sprunginsleben.de\/index.php?rest_route=\/wp\/v2\/users\/6"}],"replies":[{"embeddable":true,"href":"https:\/\/www.sprunginsleben.de\/index.php?rest_route=%2Fwp%2Fv2%2Fcomments&post=2344"}],"version-history":[{"count":0,"href":"https:\/\/www.sprunginsleben.de\/index.php?rest_route=\/wp\/v2\/pages\/2344\/revisions"}],"wp:featuredmedia":[{"embeddable":true,"href":"https:\/\/www.sprunginsleben.de\/index.php?rest_route=\/wp\/v2\/media\/2041"}],"wp:attachment":[{"href":"https:\/\/www.sprunginsleben.de\/index.php?rest_route=%2Fwp%2Fv2%2Fmedia&parent=2344"}],"curies":[{"name":"wp","href":"https:\/\/api.w.org\/{rel}","templated":true}]}}